{"id":626,"date":"2023-06-09T13:51:51","date_gmt":"2023-06-09T11:51:51","guid":{"rendered":"https:\/\/www.inter-diament.com.pl\/de\/?page_id=626"},"modified":"2024-06-24T14:44:37","modified_gmt":"2024-06-24T12:44:37","slug":"privacy-policy","status":"publish","type":"page","link":"https:\/\/www.inter-diament.com.pl\/de\/privacy-policy\/","title":{"rendered":"Datenschutzrichtlinie"},"content":{"rendered":"\r\n<h4 class=\"wp-block-heading\">Unser Ansatz zur Informationssicherheit und zum Schutz personenbezogener Daten.<\/h4>\r\n<div class=\"group\/conversation-turn relative flex w-full min-w-0 flex-col agent-turn\">\r\n<div class=\"flex-col gap-1 md:gap-3\">\r\n<div class=\"flex flex-grow flex-col max-w-full\">\r\n<div class=\"min-h-[20px] text-message flex flex-col items-start whitespace-pre-wrap break-words [.text-message+&amp;]:mt-5 juice:w-full juice:items-end overflow-x-auto gap-2\" dir=\"auto\" data-message-author-role=\"assistant\" data-message-id=\"824fb11b-a633-4a2c-a62f-4b533063e3b4\">\r\n<div class=\"flex w-full flex-col gap-1 juice:empty:hidden juice:first:pt-[3px]\">\r\n<div class=\"markdown prose w-full break-words dark:prose-invert light\">\r\n<p>Die Politik basiert auf vier grundlegenden Prinzipien:<\/p>\r\n<\/div>\r\n<\/div>\r\n<\/div>\r\n<\/div>\r\n<\/div>\r\n<\/div>\r\n\r\n\r\n\r\n<ul class=\"wp-block-list\">\r\n<li>Wir h\u00f6ren auf die Bed\u00fcrfnisse und Anforderungen unserer Kunden und passen L\u00f6sungen pr\u00e4zise an, einschlie\u00dflich der Bereiche Informationssicherheit und Datenschutz,<\/li>\r\n\r\n\r\n\r\n<li>Beim Planen der Durchf\u00fchrung von Prozessen identifizieren wir potenzielle Risiken f\u00fcr Verletzungen der Rechte betroffener Personen, einschlie\u00dflich Risiken f\u00fcr Vertraulichkeit, Verf\u00fcgbarkeit und Integrit\u00e4t der Daten, und ergreifen Ma\u00dfnahmen zur Vermeidung dieser Risiken,<\/li>\r\n\r\n\r\n\r\n<li>Wir verstehen, wie wichtig es ist, das Bewusstsein f\u00fcr Sicherheit st\u00e4ndig zu sch\u00e4rfen, um unsere Arbeit professionell und gem\u00e4\u00df aktuellen gesetzlichen Vorschriften sowie den Anforderungen von Kunden und Interessengruppen auszuf\u00fchren,<\/li>\r\n\r\n\r\n\r\n<li>Die Einhaltung des Grundsatzes der Datenschutz durch Technikgestaltung sowie des Grundsatzes der datenschutzfreundlichen Voreinstellungen, einschlie\u00dflich der Minimierung der Verarbeitung personenbezogener Daten oder m\u00f6glichst schnellen Pseudonymisierung der Daten, ist entscheidend,<\/li>\r\n<\/ul>\r\n\r\n\r\n\r\n<h4 class=\"wp-block-heading\">Wir setzen die oben genannten Sicherheitsgrunds\u00e4tze um durch:<\/h4>\r\n\r\n\r\n\r\n<ul class=\"wp-block-list\">\r\n<li>Die Implementierung moderner IT-Technologien im Bereich der Sicherheit und Informationssysteme,<\/li>\r\n\r\n\r\n\r\n<li>Gew\u00e4hrleistung der Vertraulichkeit, Verf\u00fcgbarkeit und Integrit\u00e4t der uns anvertrauten Daten durch die Einhaltung der geltenden gesetzlichen Anforderungen, Kundenanforderungen und Sicherheitsverfahren,<\/li>\r\n\r\n\r\n\r\n<li>Monitoring der Einhaltung der Vorschriften der Union oder der Mitgliedstaaten zum Datenschutz sowie der Datenschutzrichtlinien des Unternehmens oder der Kunden,<\/li>\r\n\r\n\r\n\r\n<li>Regelm\u00e4\u00dfige Tests, Messungen und Bewertungen der Wirksamkeit der technischen und organisatorischen Ma\u00dfnahmen zur Gew\u00e4hrleistung der Datensicherheit,<\/li>\r\n\r\n\r\n\r\n<li>Die regelm\u00e4\u00dfige Schulung von Personen, die unter Aufsicht des Unternehmens arbeiten, im Bereich Sicherheit,<\/li>\r\n\r\n\r\n\r\n<li>Die Sensibilisierung der Mitarbeiter f\u00fcr die Bedeutung ihrer Arbeit und ihres pers\u00f6nlichen Beitrags zur Effektivit\u00e4t des Sicherheitsmanagementsystems sowie die Konsequenzen von Handlungen, die nicht den Sicherheitsanforderungen und Vorschriften zum Schutz von Informationen und personenbezogenen Daten entsprechen,<\/li>\r\n\r\n\r\n\r\n<li>\r\n<div class=\"flex-shrink-0 flex flex-col relative items-end\">\r\n<div>\r\n<div class=\"pt-0.5 juice:pt-0\">\r\n<div class=\"gizmo-bot-avatar flex h-6 w-6 items-center justify-center overflow-hidden rounded-full juice:h-8 juice:w-8\">\r\n<div class=\"relative p-1 rounded-sm flex items-center justify-center bg-token-main-surface-primary text-token-text-primary h-8 w-8\">Ein dokumentierter Prozess zur Verwaltung von Verst\u00f6\u00dfen und Zwischenf\u00e4llen im Bereich der Informationssicherheit und des Datenschutzes,<\/div>\r\n<\/div>\r\n<\/div>\r\n<\/div>\r\n<\/div>\r\n<\/li>\r\n\r\n\r\n\r\n<li>Monitoring und Bewertung der Effektivit\u00e4t der implementierten Sicherheitsma\u00dfnahmen,<\/li>\r\n\r\n\r\n\r\n<li>\r\n<div class=\"flex-shrink-0 flex flex-col relative items-end\">\r\n<div>\r\n<div class=\"pt-0.5 juice:pt-0\">\r\n<div class=\"gizmo-bot-avatar flex h-6 w-6 items-center justify-center overflow-hidden rounded-full juice:h-8 juice:w-8\">\r\n<div class=\"relative p-1 rounded-sm flex items-center justify-center bg-token-main-surface-primary text-token-text-primary h-8 w-8\">Regelm\u00e4\u00dfige Bewertung der Umsetzung von Sicherheitszielen und Risikomanagementpl\u00e4nen im Hinblick auf die Einhaltung der strategischen Ausrichtung des Unternehmens<\/div>\r\n<\/div>\r\n<\/div>\r\n<\/div>\r\n<\/div>\r\n<\/li>\r\n<\/ul>\r\n\r\n\r\n\r\n<h4 class=\"wp-block-heading\">Engagement f\u00fcr die Informationssicherheit und den Schutz personenbezogener Daten<\/h4>\r\n\r\n\r\n\r\n<p>Wir verpflichten uns, kontinuierlich die relevanten Anforderungen zu erf\u00fcllen und unser Sicherheitsmanagementsystem sowie unsere Sicherheitsvorkehrungen kontinuierlich zu verbessern.<\/p>\r\n\r\n\r\n\r\n<p><strong>Verantwortung<\/strong><\/p>\r\n<p>Jeder Mitarbeiter tr\u00e4gt pers\u00f6nliche Verantwortung f\u00fcr die Vertraulichkeit, Verf\u00fcgbarkeit und Integrit\u00e4t der ihm anvertrauten Daten. Die Verantwortung f\u00fcr die Aufrechterhaltung, Bewertung und Festlegung der Richtungen f\u00fcr kontinuierliche Verbesserung des Sicherheitsmanagementsystems liegt beim Management des Unternehmens.<\/p>\r\n<div class=\"group\/conversation-turn relative flex w-full min-w-0 flex-col agent-turn\">\r\n<div class=\"flex-col gap-1 md:gap-3\">\r\n<div class=\"flex flex-grow flex-col max-w-full\">\r\n<div class=\"min-h-[20px] text-message flex flex-col items-start whitespace-pre-wrap break-words [.text-message+&amp;]:mt-5 juice:w-full juice:items-end overflow-x-auto gap-2\" dir=\"auto\" data-message-author-role=\"assistant\" data-message-id=\"6c24a6a5-90df-4a77-8124-f12c6fce0b83\">\r\n<div class=\"flex w-full flex-col gap-1 juice:empty:hidden juice:first:pt-[3px]\">\r\n<div class=\"markdown prose w-full break-words dark:prose-invert light\">\r\n<p>Wir machen unsere Mitarbeiter und Partner mit den Prinzipien des Informationssicherheitsmanagements und des Datenschutzes sowie den Zielen dieser Richtlinie vertraut.<\/p>\r\n<p>Diese Richtlinie ist f\u00fcr unsere Mitarbeiter, Partner, Kunden und interessierten Parteien zug\u00e4nglich<\/p>\r\n<\/div>\r\n<\/div>\r\n<\/div>\r\n<\/div>\r\n<\/div>\r\n<\/div>\r\n\r\n\r\n\r\n<h4 class=\"wp-block-heading\">Der Administrator f\u00fcr personenbezogene Daten<\/h4>\r\n\r\n\r\n\r\n<p>Der Verantwortliche f\u00fcr Ihre personenbezogenen Daten, die im Rahmen der unten genannten Prozesse verarbeitet werden, ist INTER-DIAMENT Kacprzycki Sp\u00f3\u0142ka jawna mit der KRS-Nummer: 0000006622, <span class=\"ui-provider a b c d e f g h i j k l m n o p q r s t u v w x y z ab ac ae af ag ah ai aj ak\" dir=\"ltr\">Ust.-Id.-Nr.<\/span>: 5290008253, <span class=\"ui-provider a b c d e f g h i j k l m n o p q r s t u v w x y z ab ac ae af ag ah ai aj ak\" dir=\"ltr\">Gewerbeanmeldungsnummer<\/span>: 010678496, Adresse: ul. Che\u0142mo\u0144skiego 30, 05-825 Grodzisk Mazowiecki. Sie k\u00f6nnen uns schriftlich, per E-Mail unter <a rel=\"noreferrer\">agnieszka.ganc@www.inter-diament.com.pl<\/a>\/de oder telefonisch unter 692\u00a0776\u00a0619 kontaktieren.<\/p>\r\n\r\n\r\n\r\n<h4 class=\"wp-block-heading\">Zwecke, Rechtsgrundlagen und Dauer der Verarbeitung personenbezogener Daten<\/h4>\r\n\r\n\r\n\r\n<figure class=\"wp-block-table is-style-regular\">\r\n<table class=\"has-white-background-color has-background has-fixed-layout\">\r\n<tbody>\r\n<tr>\r\n<td><strong>Der Zweck der Datenverarbeitung<\/strong><\/td>\r\n<td><strong>Die rechtliche Grundlage<\/strong><\/td>\r\n<td><strong>Der begr\u00fcndete rechtliche Interesse<\/strong><\/td>\r\n<td><strong>Die geplante Verarbeitungsdauer<\/strong><\/td>\r\n<\/tr>\r\n<tr>\r\n<td><strong>Die Rekrutierung von Mitarbeitern<\/strong><\/td>\r\n<td>Art. 6 ust. 1 lit. a) oraz b), c), f) DSGVO<br \/>Przepisy ustaw:<br \/>Kodeks pracy<\/td>\r\n<td>Die Verteidigung und Durchsetzung von Anspr\u00fcchen<\/td>\r\n<td>W\u00e4hrend der Dauer des Auswahlverfahrens oder bis zur Widerrufung der Einwilligung, Verj\u00e4hrung von Anspr\u00fcchen sowie f\u00fcr den Zeitraum, f\u00fcr den die Daten f\u00fcr den Zweck, zu dem sie erhoben wurden, erforderlich sind.<\/td>\r\n<\/tr>\r\n<tr>\r\n<td>\r\n<div class=\"flex flex-grow flex-col max-w-full\">\r\n<div class=\"min-h-[20px] text-message flex flex-col items-start whitespace-pre-wrap break-words [.text-message+&amp;]:mt-5 juice:w-full juice:items-end overflow-x-auto gap-2\" dir=\"auto\" data-message-author-role=\"assistant\" data-message-id=\"f76db5d6-6def-4bec-b0a3-c95b358cc915\">\r\n<div class=\"flex w-full flex-col gap-1 juice:empty:hidden juice:first:pt-[3px]\">\r\n<div class=\"markdown prose w-full break-words dark:prose-invert light\">\r\n<p><strong>Gesch\u00e4ftskontakt (E-Mail, Telefon, Online-Formulare)<\/strong><\/p>\r\n<\/div>\r\n<\/div>\r\n<\/div>\r\n<\/div>\r\n<\/td>\r\n<td>Art. 6 ust. 1 lit. b) i f) DSGVO<\/td>\r\n<td>1. Die Verteidigung und Durchsetzung von Anspr\u00fcchen<br \/>2. Die Beantwortung von Anfragen und weitere Korrespondenz<\/td>\r\n<td>F\u00fcr die Dauer, w\u00e4hrend der die Daten f\u00fcr den Zweck, zu dem sie erhoben wurden, n\u00fctzlich bleiben.<\/td>\r\n<\/tr>\r\n<tr>\r\n<td><strong>Die Verarbeitung von Daten von Vertretern von Vertragspartnern oder Kunden<\/strong><\/td>\r\n<td>Art. 6 ust. 1 lit. c) i f) DSGVO<\/td>\r\n<td>Die Erf\u00fcllung eines Vertrages, an dem eine dritte Partei beteiligt ist, die der Arbeitgeber oder Auftraggeber des Vertreters ist<\/td>\r\n<td>F\u00fcr die Dauer des Vertrages, der Verj\u00e4hrungsfrist der daraus resultierenden Anspr\u00fcche sowie f\u00fcr den Zeitraum, der gesetzlich vorgeschrieben ist (in der Regel 5 Jahre), und f\u00fcr die Zeit, w\u00e4hrend der die Daten f\u00fcr den Zweck, zu dem sie erhoben wurden, n\u00fctzlich bleiben.<\/td>\r\n<\/tr>\r\n<tr>\r\n<td><strong>Cookies und Server-Logs<\/strong><\/td>\r\n<td>Art. 6 ust. 1 lit. a) i f)<br \/>Art. 173 Prawa telekomunikacyjnego<\/td>\r\n<td>Sicherstellung der Sicherheit, Statistik und Aufzeichnung, Forschung und Entwicklung, Marketing<\/td>\r\n<td>F\u00fcr die Dauer, w\u00e4hrend der die Daten f\u00fcr den Zweck, zu dem sie erhoben wurden, n\u00fctzlich bleiben.<\/td>\r\n<\/tr>\r\n<tr>\r\n<td><strong>Das Versenden von Werbeinformationen<\/strong><\/td>\r\n<td>Art. 6 ust. 1 lit. a) oraz f) RODO<br \/>Art. 10 ust. 2 ustawy o \u015bwiadczeniu us\u0142ug drog\u0105 elektroniczn\u0105<\/td>\r\n<td>Marketing eigener Produkte und Dienstleistungen, Imagebildung (PR)<\/td>\r\n<td>Bis zur Widerrufung der Einwilligung.<\/td>\r\n<\/tr>\r\n<\/tbody>\r\n<\/table>\r\n<\/figure>\r\n\r\n\r\n\r\n<h4 class=\"wp-block-heading\">Empf\u00e4nger pers\u00f6nlicher Daten<\/h4>\r\n<div class=\"group\/conversation-turn relative flex w-full min-w-0 flex-col agent-turn\">\r\n<div class=\"flex-col gap-1 md:gap-3\">\r\n<div class=\"flex flex-grow flex-col max-w-full\">\r\n<div class=\"min-h-[20px] text-message flex flex-col items-start whitespace-pre-wrap break-words [.text-message+&amp;]:mt-5 juice:w-full juice:items-end overflow-x-auto gap-2\" dir=\"auto\" data-message-author-role=\"assistant\" data-message-id=\"0b817c91-3d31-4973-a284-e2dde1279389\">\r\n<div class=\"flex w-full flex-col gap-1 juice:empty:hidden juice:first:pt-[3px]\">\r\n<div class=\"markdown prose w-full break-words dark:prose-invert light\">\r\n<p>Die Empf\u00e4nger Ihrer personenbezogenen Daten umfassen autorisierte Mitarbeiter und Mitarbeiterinnen des Verantwortlichen sowie berechtigte Einrichtungen gem\u00e4\u00df gesetzlicher Bestimmungen, Unterbeauftragte des Verantwortlichen, sofern die Art der Verarbeitung die Weitergabe von Daten an sie erfordert (z. B. IT-Dienstleister), sowie Anbieter spezifischer Dienstleistungen f\u00fcr das Unternehmen (Banken, Telekommunikationsunternehmen, Rechtsanwaltskanzleien, Wirtschaftspr\u00fcfer).<\/p>\r\n<\/div>\r\n<\/div>\r\n<\/div>\r\n<\/div>\r\n<\/div>\r\n<\/div>\r\n<div class=\"group\/conversation-turn relative flex w-full min-w-0 flex-col agent-turn\">\r\n<div class=\"flex-col gap-1 md:gap-3\">\r\n<div class=\"flex flex-grow flex-col max-w-full\">\r\n<div class=\"min-h-[20px] text-message flex flex-col items-start whitespace-pre-wrap break-words [.text-message+&amp;]:mt-5 juice:w-full juice:items-end overflow-x-auto gap-2\" dir=\"auto\" data-message-author-role=\"assistant\" data-message-id=\"31ec978e-342d-4a91-973d-2ad7e3dad312\">\r\n<div class=\"flex w-full flex-col gap-1 juice:empty:hidden juice:first:pt-[3px]\">\r\n<div class=\"markdown prose w-full break-words dark:prose-invert light\">\r\n<p><strong>Die Rechte der betroffenen Personen<\/strong><\/p>\r\n<\/div>\r\n<\/div>\r\n<\/div>\r\n<\/div>\r\n<\/div>\r\n<\/div>\r\n\r\n\r\n\r\n<div class=\"flex flex-grow flex-col max-w-full\">\r\n<div class=\"min-h-[20px] text-message flex flex-col items-start whitespace-pre-wrap break-words [.text-message+&amp;]:mt-5 juice:w-full juice:items-end overflow-x-auto gap-2\" dir=\"auto\" data-message-author-role=\"assistant\" data-message-id=\"82b62966-1d16-43b2-aa39-481ef96cb64e\">\r\n<div class=\"flex w-full flex-col gap-1 juice:empty:hidden juice:first:pt-[3px]\">\r\n<div class=\"markdown prose w-full break-words dark:prose-invert light\">\r\n<p>Die DSGVO gew\u00e4hrt das Recht auf:<\/p>\r\n<ol>\r\n<li>das Recht auf Zugang zu den eigenen Daten und Erhalt einer Kopie davon,<\/li>\r\n<li>das Recht auf Berichtigung der eigenen personenbezogenen Daten,<\/li>\r\n<li>das Recht auf Einschr\u00e4nkung der Verarbeitung personenbezogener Daten,<\/li>\r\n<li>das Recht auf L\u00f6schung personenbezogener Daten,<\/li>\r\n<li>das Recht, gegen die Verarbeitung auf der Grundlage eines berechtigten Interesses Widerspruch einzulegen,<\/li>\r\n<li>das Recht, eine Beschwerde bei der Aufsichtsbeh\u00f6rde (Pr\u00e4sident des Amtes f\u00fcr den Schutz personenbezogener Daten, ul. Stawki 2, 00-193 Warschau) einzureichen,<\/li>\r\n<li>das Recht, die Einwilligung zu widerrufen, wobei dies die Rechtm\u00e4\u00dfigkeit der vor dem Widerruf erfolgten Verarbeitung nicht ber\u00fchrt.<\/li>\r\n<\/ol>\r\n<p>Diese Rechte sind jedoch nicht uneingeschr\u00e4nkt und k\u00f6nnen unter bestimmten Umst\u00e4nden nicht gew\u00e4hrt werden (z. B. das Recht auf Widerspruch oder L\u00f6schung gilt nicht, wenn Daten f\u00fcr Zwecke im Zusammenhang mit der Verteidigung oder Durchsetzung von Anspr\u00fcchen verarbeitet werden). Die Bestimmungen der Artikel 12-22 der DSGVO pr\u00e4zisieren, unter welchen Umst\u00e4nden bestimmte Rechte geltend gemacht werden k\u00f6nnen.<\/p>\r\n<\/div>\r\n<\/div>\r\n<\/div>\r\n<\/div>\r\n\r\n\r\n\r\n<div class=\"flex flex-grow flex-col max-w-full\">\r\n<div class=\"min-h-[20px] text-message flex flex-col items-start whitespace-pre-wrap break-words [.text-message+&amp;]:mt-5 juice:w-full juice:items-end overflow-x-auto gap-2\" dir=\"auto\" data-message-author-role=\"assistant\" data-message-id=\"f8d7006a-142e-4ced-a87f-e984891587ba\">\r\n<div class=\"flex w-full flex-col gap-1 juice:empty:hidden juice:first:pt-[3px]\">\r\n<div class=\"markdown prose w-full break-words dark:prose-invert light\">\r\n<p><strong>\u00dcbermittlung von Daten in L\u00e4nder au\u00dferhalb des Europ\u00e4ischen Wirtschaftsraums<\/strong><\/p>\r\n<\/div>\r\n<\/div>\r\n<\/div>\r\n<\/div>\r\n\r\n\r\n\r\n<p>Wir \u00fcbermitteln Ihre personenbezogenen Daten nicht an Drittl\u00e4nder. Bei der Nutzung bestimmter Werkzeuge (insbesondere IT) k\u00f6nnen jedoch einige Ihrer Daten in L\u00e4nder au\u00dferhalb des Europ\u00e4ischen Wirtschaftsraums \u00fcbertragen werden. Der Datenschutz in diesen L\u00e4ndern kann niedriger sein als im Europ\u00e4ischen Wirtschaftsraum. Ein rechtliches Instrument, das solche Daten\u00fcbertragungen absichert, sind die von der Europ\u00e4ischen Kommission angenommenen Standardvertragsklauseln (deren Text auf der Website http:\/\/eur-lex.europa.eu verf\u00fcgbar ist und auch \u00fcber uns bezogen werden kann).<\/p>\r\n\r\n\r\n\r\n<div class=\"flex flex-grow flex-col max-w-full\">\r\n<div class=\"min-h-[20px] text-message flex flex-col items-start whitespace-pre-wrap break-words [.text-message+&amp;]:mt-5 juice:w-full juice:items-end overflow-x-auto gap-2\" dir=\"auto\" data-message-author-role=\"assistant\" data-message-id=\"25838516-7b49-4cb0-9d40-a88e7ed672d0\">\r\n<div class=\"flex w-full flex-col gap-1 juice:empty:hidden juice:first:pt-[3px]\">\r\n<div class=\"markdown prose w-full break-words dark:prose-invert light\">\r\n<p><strong>Drittanbieter-Plugins<\/strong><\/p>\r\n<\/div>\r\n<\/div>\r\n<\/div>\r\n<\/div>\r\n\r\n\r\n\r\n<p>Wir verwenden Plugins von Drittanbietern. Die Datenschutzbestimmungen f\u00fcr die Verarbeitung personenbezogener Daten sind in den Nutzungsbedingungen der Anbieter dieser Dienste festgelegt:<\/p>\r\n<ol>\r\n<li>Google Remarketing-Code<\/li>\r\n<li>Facebook-Plugin<\/li>\r\n<\/ol>\r\n\r\n\r\n\r\n<div class=\"flex-shrink-0 flex flex-col relative items-end\">\r\n<div>\r\n<div class=\"pt-0.5 juice:pt-0\">\u00a0<\/div>\r\n<\/div>\r\n<\/div>\r\n<div class=\"group\/conversation-turn relative flex w-full min-w-0 flex-col agent-turn\">\r\n<div class=\"flex-col gap-1 md:gap-3\">\r\n<div class=\"flex flex-grow flex-col max-w-full\">\r\n<div class=\"min-h-[20px] text-message flex flex-col items-start whitespace-pre-wrap break-words [.text-message+&amp;]:mt-5 juice:w-full juice:items-end overflow-x-auto gap-2\" dir=\"auto\" data-message-author-role=\"assistant\" data-message-id=\"a90149c0-2496-4998-a362-751baf8932e6\">\r\n<div class=\"flex w-full flex-col gap-1 juice:empty:hidden juice:first:pt-[3px]\">\r\n<div class=\"markdown prose w-full break-words dark:prose-invert light\">\r\n<p><strong>Informationen zur Pflicht zur Bereitstellung von Daten sowie zur Datenquelle<\/strong><\/p>\r\n<\/div>\r\n<\/div>\r\n<\/div>\r\n<\/div>\r\n<\/div>\r\n<\/div>\r\n\r\n\r\n\r\n<p>Die Bereitstellung personenbezogener Daten ist Voraussetzung f\u00fcr den Vertragsabschluss oder die Teilnahme an einem Bewerbungsverfahren. In dem durch gesetzliche Bestimmungen vorgesehenen Umfang ist die Angabe von Daten eine rechtliche Verpflichtung (z. B. Angabe von Daten f\u00fcr Rechnungszwecke). Die Bereitstellung von Daten, die auf Grundlage Ihrer Einwilligung verarbeitet werden (z. B. zus\u00e4tzliche Daten in der Bewerbungsanwendung), ist immer freiwillig. Grundlegende Daten erhalten wir von den betroffenen Personen selbst. In bestimmten Situationen k\u00f6nnen wir sie von den von Ihnen vertretenen Institutionen erhalten (z. B. im Zusammenhang mit dem Abschluss eines Vertrages mit der von Ihnen vertretenen Institution).<\/p>\r\n","protected":false},"excerpt":{"rendered":"<p>Unser Ansatz zur Informationssicherheit und zum Schutz personenbezogener Daten. Die Politik basiert auf vier grundlegenden Prinzipien: Wir setzen die oben genannten Sicherheitsgrunds\u00e4tze um durch: Engagement f\u00fcr die Informationssicherheit und den Schutz personenbezogener Daten Wir verpflichten uns, kontinuierlich die relevanten Anforderungen zu erf\u00fcllen und unser Sicherheitsmanagementsystem sowie unsere Sicherheitsvorkehrungen kontinuierlich zu verbessern. Verantwortung Jeder Mitarbeiter tr\u00e4gt [&hellip;]<\/p>\n","protected":false},"author":1,"featured_media":0,"parent":0,"menu_order":0,"comment_status":"closed","ping_status":"closed","template":"","meta":{"inline_featured_image":false,"footnotes":""},"class_list":["post-626","page","type-page","status-publish","hentry"],"acf":[],"yoast_head":"<!-- This site is optimized with the Yoast SEO plugin v21.6 - https:\/\/yoast.com\/wordpress\/plugins\/seo\/ -->\n<title>Datenschutzrichtlinie - Inter-Diament<\/title>\n<meta name=\"robots\" content=\"index, follow, max-snippet:-1, max-image-preview:large, max-video-preview:-1\" \/>\n<link rel=\"canonical\" href=\"https:\/\/www.inter-diament.com.pl\/de\/privacy-policy\/\" \/>\n<meta property=\"og:locale\" content=\"de_DE\" \/>\n<meta property=\"og:type\" content=\"article\" \/>\n<meta property=\"og:title\" content=\"Datenschutzrichtlinie - Inter-Diament\" \/>\n<meta property=\"og:description\" content=\"Unser Ansatz zur Informationssicherheit und zum Schutz personenbezogener Daten. Die Politik basiert auf vier grundlegenden Prinzipien: Wir setzen die oben genannten Sicherheitsgrunds\u00e4tze um durch: Engagement f\u00fcr die Informationssicherheit und den Schutz personenbezogener Daten Wir verpflichten uns, kontinuierlich die relevanten Anforderungen zu erf\u00fcllen und unser Sicherheitsmanagementsystem sowie unsere Sicherheitsvorkehrungen kontinuierlich zu verbessern. Verantwortung Jeder Mitarbeiter tr\u00e4gt [&hellip;]\" \/>\n<meta property=\"og:url\" content=\"https:\/\/www.inter-diament.com.pl\/de\/privacy-policy\/\" \/>\n<meta property=\"og:site_name\" content=\"ID - Deutsch\" \/>\n<meta property=\"article:modified_time\" content=\"2024-06-24T12:44:37+00:00\" \/>\n<meta name=\"twitter:card\" content=\"summary_large_image\" \/>\n<meta name=\"twitter:label1\" content=\"Gesch\u00e4tzte Lesezeit\" \/>\n\t<meta name=\"twitter:data1\" content=\"7\u00a0Minuten\" \/>\n<script type=\"application\/ld+json\" class=\"yoast-schema-graph\">{\"@context\":\"https:\/\/schema.org\",\"@graph\":[{\"@type\":\"WebPage\",\"@id\":\"https:\/\/www.inter-diament.com.pl\/de\/privacy-policy\/\",\"url\":\"https:\/\/www.inter-diament.com.pl\/de\/privacy-policy\/\",\"name\":\"Datenschutzrichtlinie - Inter-Diament\",\"isPartOf\":{\"@id\":\"https:\/\/www.inter-diament.com.pl\/de\/#website\"},\"datePublished\":\"2023-06-09T11:51:51+00:00\",\"dateModified\":\"2024-06-24T12:44:37+00:00\",\"breadcrumb\":{\"@id\":\"https:\/\/www.inter-diament.com.pl\/de\/privacy-policy\/#breadcrumb\"},\"inLanguage\":\"de\",\"potentialAction\":[{\"@type\":\"ReadAction\",\"target\":[\"https:\/\/www.inter-diament.com.pl\/de\/privacy-policy\/\"]}]},{\"@type\":\"BreadcrumbList\",\"@id\":\"https:\/\/www.inter-diament.com.pl\/de\/privacy-policy\/#breadcrumb\",\"itemListElement\":[{\"@type\":\"ListItem\",\"position\":1,\"name\":\"Strona g\u0142\u00f3wna\",\"item\":\"https:\/\/www.inter-diament.com.pl\/de\/\"},{\"@type\":\"ListItem\",\"position\":2,\"name\":\"Datenschutzrichtlinie\"}]},{\"@type\":\"WebSite\",\"@id\":\"https:\/\/www.inter-diament.com.pl\/de\/#website\",\"url\":\"https:\/\/www.inter-diament.com.pl\/de\/\",\"name\":\"Inter-Diament\",\"description\":\"Inter-Diament\",\"potentialAction\":[{\"@type\":\"SearchAction\",\"target\":{\"@type\":\"EntryPoint\",\"urlTemplate\":\"https:\/\/www.inter-diament.com.pl\/de\/?s={search_term_string}\"},\"query-input\":\"required name=search_term_string\"}],\"inLanguage\":\"de\"}]}<\/script>\n<!-- \/ Yoast SEO plugin. -->","yoast_head_json":{"title":"Datenschutzrichtlinie - Inter-Diament","robots":{"index":"index","follow":"follow","max-snippet":"max-snippet:-1","max-image-preview":"max-image-preview:large","max-video-preview":"max-video-preview:-1"},"canonical":"https:\/\/www.inter-diament.com.pl\/de\/privacy-policy\/","og_locale":"de_DE","og_type":"article","og_title":"Datenschutzrichtlinie - Inter-Diament","og_description":"Unser Ansatz zur Informationssicherheit und zum Schutz personenbezogener Daten. Die Politik basiert auf vier grundlegenden Prinzipien: Wir setzen die oben genannten Sicherheitsgrunds\u00e4tze um durch: Engagement f\u00fcr die Informationssicherheit und den Schutz personenbezogener Daten Wir verpflichten uns, kontinuierlich die relevanten Anforderungen zu erf\u00fcllen und unser Sicherheitsmanagementsystem sowie unsere Sicherheitsvorkehrungen kontinuierlich zu verbessern. Verantwortung Jeder Mitarbeiter tr\u00e4gt [&hellip;]","og_url":"https:\/\/www.inter-diament.com.pl\/de\/privacy-policy\/","og_site_name":"ID - Deutsch","article_modified_time":"2024-06-24T12:44:37+00:00","twitter_card":"summary_large_image","twitter_misc":{"Gesch\u00e4tzte Lesezeit":"7\u00a0Minuten"},"schema":{"@context":"https:\/\/schema.org","@graph":[{"@type":"WebPage","@id":"https:\/\/www.inter-diament.com.pl\/de\/privacy-policy\/","url":"https:\/\/www.inter-diament.com.pl\/de\/privacy-policy\/","name":"Datenschutzrichtlinie - Inter-Diament","isPartOf":{"@id":"https:\/\/www.inter-diament.com.pl\/de\/#website"},"datePublished":"2023-06-09T11:51:51+00:00","dateModified":"2024-06-24T12:44:37+00:00","breadcrumb":{"@id":"https:\/\/www.inter-diament.com.pl\/de\/privacy-policy\/#breadcrumb"},"inLanguage":"de","potentialAction":[{"@type":"ReadAction","target":["https:\/\/www.inter-diament.com.pl\/de\/privacy-policy\/"]}]},{"@type":"BreadcrumbList","@id":"https:\/\/www.inter-diament.com.pl\/de\/privacy-policy\/#breadcrumb","itemListElement":[{"@type":"ListItem","position":1,"name":"Strona g\u0142\u00f3wna","item":"https:\/\/www.inter-diament.com.pl\/de\/"},{"@type":"ListItem","position":2,"name":"Datenschutzrichtlinie"}]},{"@type":"WebSite","@id":"https:\/\/www.inter-diament.com.pl\/de\/#website","url":"https:\/\/www.inter-diament.com.pl\/de\/","name":"Inter-Diament","description":"Inter-Diament","potentialAction":[{"@type":"SearchAction","target":{"@type":"EntryPoint","urlTemplate":"https:\/\/www.inter-diament.com.pl\/de\/?s={search_term_string}"},"query-input":"required name=search_term_string"}],"inLanguage":"de"}]}},"_links":{"self":[{"href":"https:\/\/www.inter-diament.com.pl\/de\/wp-json\/wp\/v2\/pages\/626","targetHints":{"allow":["GET"]}}],"collection":[{"href":"https:\/\/www.inter-diament.com.pl\/de\/wp-json\/wp\/v2\/pages"}],"about":[{"href":"https:\/\/www.inter-diament.com.pl\/de\/wp-json\/wp\/v2\/types\/page"}],"author":[{"embeddable":true,"href":"https:\/\/www.inter-diament.com.pl\/de\/wp-json\/wp\/v2\/users\/1"}],"replies":[{"embeddable":true,"href":"https:\/\/www.inter-diament.com.pl\/de\/wp-json\/wp\/v2\/comments?post=626"}],"version-history":[{"count":12,"href":"https:\/\/www.inter-diament.com.pl\/de\/wp-json\/wp\/v2\/pages\/626\/revisions"}],"predecessor-version":[{"id":2823,"href":"https:\/\/www.inter-diament.com.pl\/de\/wp-json\/wp\/v2\/pages\/626\/revisions\/2823"}],"wp:attachment":[{"href":"https:\/\/www.inter-diament.com.pl\/de\/wp-json\/wp\/v2\/media?parent=626"}],"curies":[{"name":"wp","href":"https:\/\/api.w.org\/{rel}","templated":true}]}}